{"id":13,"date":"2020-01-13T15:13:40","date_gmt":"2020-01-13T14:13:40","guid":{"rendered":"http:\/\/localhost:8888\/webseite\/impressum\/"},"modified":"2023-07-14T15:11:35","modified_gmt":"2023-07-14T13:11:35","slug":"impressum","status":"publish","type":"page","link":"https:\/\/www.an-na-design.com\/webseite\/impressum\/","title":{"rendered":"Impressum"},"content":{"rendered":"<p><em>AN-NA Design<\/em><br \/>\n<em> Anna von der Heiden<\/em><br \/>\n<em>Obere Hardt 3<\/em><br \/>\n<em> 53783 Eitorf<br \/>\n<\/em><\/p>\n<p>Inhaberin: Anna von der Heiden<\/p>\n<p>Telefon: 0173-2926123<\/p>\n<p>E-Mail: <span style=\"color: #874b9d;\"><a style=\"color: #874b9d;\" href=\"mailto:%20art@an-na-design.com\">art@an-na-design.com<\/a><strong><a style=\"color: #874b9d;\" href=\"mailto:%20art@an-na-design.com\"><br \/>\n<\/a><\/strong><\/span>Internet: <span style=\"color: #874b9d;\"><a style=\"color: #874b9d;\" href=\"https:\/\/an-na-design.com\">www.an-na-design.com<\/a><\/span><br \/>\nUSt.-ID: DE233914404<\/p>\n<p>Inhaltlich verantwortlich: Anna von der Heiden, Adresse wie oben.<\/p>\n<p>Inhalt und Struktur der Internet-Seiten von AN-NA Design sind Eigentum der Firma AN-NA Design.<\/p>\n<p>Jegliche Vervielf\u00e4ltigung von Informationen oder Dateien, insbesondere von Texten, Bildmaterial oder sonstigen Inhalten bedarf der vorherigen Zustimmung durch AN-NA Design.<br \/>\nHaftungshinweis: Trotz sorgf\u00e4ltiger inhaltlicher Kontrolle \u00fcbernimmt AN-NA Design keine Haftung f\u00fcr die Inhalte externer Links. F\u00fcr den Inhalt der verlinkten Seiten sind ausschlie\u00dflich deren Betreiber verantwortlich.<\/p>\n<p>Wir sind nicht bereit und nicht verpflichtet an einem Streitbeilegungsverfahren vor einer Verbraucherschlichtungsstelle teilzunehmen.<\/p>\n<p><i><strong>Datenschutz-Hinweis<\/strong>: F\u00fcr Ihre Kontaktaufnahme \u00fcber unsere angegebenen Kontaktdaten (Fax, E-Mail, Postadresse) gilt hinsichtlich des Datenschutzes, der Verarbeitung, Speicherung und ggf. Widerspruch unsere Datenschutzerkl\u00e4rung unter www.an-na-design.com\/datenschutz.<\/i><\/p>\n","protected":false},"excerpt":{"rendered":"<p>AN-NA Design Anna von der Heiden Obere Hardt 3 53783 Eitorf Inhaberin: Anna von der Heiden Telefon: 0173-2926123 E-Mail: art@an-na-design.com Internet: www.an-na-design.com USt.-ID: DE233914404 Inhaltlich verantwortlich: Anna von der Heiden, Adresse wie oben. Inhalt und Struktur der Internet-Seiten von AN-NA Design sind Eigentum der Firma AN-NA Design. Jegliche Vervielf\u00e4ltigung von Informationen oder Dateien, insbesondere von [&#8230;] <a href=\"https:\/\/www.an-na-design.com\/webseite\/impressum\/\">weiterlesen<\/a><\/p>\n","protected":false},"author":1,"featured_media":0,"parent":0,"menu_order":0,"comment_status":"closed","ping_status":"closed","template":"","meta":{"footnotes":""},"class_list":["post-13","page","type-page","status-publish","hentry"],"_links":{"self":[{"href":"https:\/\/www.an-na-design.com\/webseite\/wp-json\/wp\/v2\/pages\/13","targetHints":{"allow":["GET"]}}],"collection":[{"href":"https:\/\/www.an-na-design.com\/webseite\/wp-json\/wp\/v2\/pages"}],"about":[{"href":"https:\/\/www.an-na-design.com\/webseite\/wp-json\/wp\/v2\/types\/page"}],"author":[{"embeddable":true,"href":"https:\/\/www.an-na-design.com\/webseite\/wp-json\/wp\/v2\/users\/1"}],"replies":[{"embeddable":true,"href":"https:\/\/www.an-na-design.com\/webseite\/wp-json\/wp\/v2\/comments?post=13"}],"version-history":[{"count":3,"href":"https:\/\/www.an-na-design.com\/webseite\/wp-json\/wp\/v2\/pages\/13\/revisions"}],"predecessor-version":[{"id":4974,"href":"https:\/\/www.an-na-design.com\/webseite\/wp-json\/wp\/v2\/pages\/13\/revisions\/4974"}],"wp:attachment":[{"href":"https:\/\/www.an-na-design.com\/webseite\/wp-json\/wp\/v2\/media?parent=13"}],"curies":[{"name":"wp","href":"https:\/\/api.w.org\/{rel}","templated":true}]}}